{"version":"1.0","provider_name":"Anyawellness","provider_url":"https:\/\/anyawellness.cafeblog.hu","author_name":"Anyawellness R\u00e9ka","author_url":"https:\/\/anyawellness.cafeblog.hu\/author\/horvath_reka\/","title":"Mes\u00e9lj Minden Nap!","html":"<p>A M\u00e9diauni\u00f3 Alap\u00edtv\u00e1ny\u00a0<a href=\"http:\/\/www.meseljmindennap.hu\/\">Mes\u00e9lj Minden Nap<\/a>\u00a0c\u00edmmel elind\u00edtotta az orsz\u00e1g egyik legnagyobb t\u00e1rsadalmi c\u00e9l\u00fa kamp\u00e1ny\u00e1t. Sz\u00fcks\u00e9g is van r\u00e1....\u00a0 \u00c1bel ovis csoportj\u00e1ban a m\u00falt heti sz\u00fcl\u0151i \u00e9rtekezleten az \u00f3v\u00f3 n\u00e9nik mellett a logop\u00e9dus n\u00e9ni is jelen volt, \u00e9s szomor\u00fa t\u00e9nyekre h\u00edvta fel a figyelm\u00fcnket. A csoportb\u00f3l az \u00f3vod\u00e1sok FELE \u00a0logop\u00e9diai foglalkoz\u00e1st ig\u00e9nyel.... A nagycsoportosok felm\u00e9r\u00e9se sor\u00e1n kider\u00fclt, hogy az egy\u00e9ni besz\u00e9dhib\u00e1k mellett (amit a hagyom\u00e1nyos logop\u00e9dia gyorsan kik\u00fcsz\u00f6b\u00f6l) a legnagyobb gond, hogy a gyerekek nem tudnak sz\u00e9pen \u00e9s v\u00e1laszt\u00e9kosan besz\u00e9lni, mert nem hallgatnak mes\u00e9t a sz\u00fcleikt\u0151l, helyette bugyuta mesefilmeket b\u00e1mulnak \u00e9s nem besz\u00e9lgetnek eleget a csal\u00e1dban, hanem egyed\u00fcl sz\u00e1m\u00edt\u00f3g\u00e9peznek (!) \u00f6t, hat \u00e9vesen.....<\/p>\r\n<div><a href=\"https:\/\/anyawellness.cafeblog.hu\/files\/2011\/10\/images.jpg\"><img class=\"aligncenter\" src=\"https:\/\/anyawellness.cafeblog.hu\/files\/2011\/10\/images.jpg\" alt=\"\" border=\"0\" \/><\/a><\/div>\r\n<p>Mi\u00e9rt???? \u00a0Nekem ilyenkor a hajam \u00e9gnek \u00e1ll \u00e9s teljesen fel vagyok h\u00e1borodva. Sajnos be kell, hogy l\u00e1ssam ez nem evidens minden sz\u00fcl\u0151nek.... \u00e9s sokszor egyszer\u0171bb megold\u00e1snak tartj\u00e1k bel\u00f6kni a gyereket a DVD lej\u00e1tsz\u00f3 el\u00e9 vagy csak benyomni valami id\u00e9tlen mesecsatorn\u00e1t. Nem mondom, n\u00e1lunk is lehet rajzfilmeket vagy ak\u00e1r gyerekfilmeket n\u00e9zni, de szigor\u00fa cenz\u00far\u00e1val \u00e9s nem este lefekv\u00e9s el\u0151tt \u00e9s v\u00e9gk\u00e9pp nem minden \u00e1ldott nap. \u00c1belnek \u00e9n m\u00e1r p\u00e1r h\u00f3naposan k\u00f6nyveket mutogattam, egy \u00e9ves kor\u00e1t\u00f3l (miut\u00e1n leszokott az esti anyatejez\u00e9sr\u0151l) pedig minden este mes\u00e9l\u00fcnk neki. \u00c9n ink\u00e1bb mesek\u00f6nyvekb\u0151l, (nemr\u00e9g olvastuk ki az eredeti - Karinthy \u00e1ltal ford\u00edtott - Micimack\u00f3t, \u00e9s a h\u00e9ten kezdt\u00fck el Rumini harmadik k\u00f6tet\u00e9t), Miki pedig legt\u00f6bbsz\u00f6r fejb\u0151l mes\u00e9l \u00e9s m\u00e1r egy eg\u00e9sz reg\u00e9nyt k\u00f6lt\u00f6tt a h\u00e1rom kismalac alapmes\u00e9b\u0151l (amihez persze \u00e9getett sz\u00e9l\u0171 meset\u00e9rk\u00e9pet is k\u00e9sz\u00edtettek).<\/p>\r\n<div><a href=\"https:\/\/anyawellness.cafeblog.hu\/files\/2011\/10\/nat-the-three-little-pigs.jpg\"><img class=\"aligncenter\" src=\"https:\/\/anyawellness.cafeblog.hu\/files\/2011\/10\/nat-the-three-little-pigs.jpg\" alt=\"\" border=\"0\" \/><\/a><\/div>\r\n<p>Tudom este f\u00e1radtak a sz\u00fcl\u0151k, de akkor is meg\u00e9ri azt a kis id\u0151t gyermekeinkre sz\u00e1nni, mes\u00e9lni nekik \u00e9s besz\u00e9lgetni vel\u00fck. Ehhez ny\u00fajt seg\u00edts\u00e9get \u00e9s mun\u00edci\u00f3t a\u00a0<a href=\"http:\/\/www.meseljmindennap.hu\/\">Mes\u00e9lj Minden Nap <\/a>\u00a0kamp\u00e1ny\u00a0honlapja, ahol remek\u00a0<a href=\"http:\/\/www.meseljmindennap.hu\/mesekereso\">mesekeres\u0151<\/a>\u00a0is van! Itt minden koroszt\u00e1lynak - 0-t\u00f3l 12 \u00e9ves korig - tal\u00e1lhatunk mes\u00e9ket, teh\u00e1t lehet b\u00f6ng\u00e9szni m\u00e1r ma est\u00e9re is!<\/p>\r\n<div><a href=\"https:\/\/anyawellness.cafeblog.hu\/files\/2011\/10\/meselj1.jpg\"><img class=\"aligncenter\" src=\"https:\/\/anyawellness.cafeblog.hu\/files\/2011\/10\/meselj1.jpg\" alt=\"\" border=\"0\" \/><\/a><\/div>\r\n<p>\u00c9s terjessz\u00fck, hogy azokhoz is eljusson a mes\u00e9l\u00e9s var\u00e1zs\u00e1nak h\u00edre, akiknek a legnagyobb sz\u00fcks\u00e9g\u00fck van r\u00e1!<\/p>","type":"rich"}